{"id":2796,"date":"2019-11-01T08:52:52","date_gmt":"2019-11-01T06:52:52","guid":{"rendered":"http:\/\/fdp-porta.de\/FDP\/?page_id=2796"},"modified":"2019-11-03T16:42:13","modified_gmt":"2019-11-03T14:42:13","slug":"freizeitgestaltung","status":"publish","type":"page","link":"https:\/\/fdp-porta.de\/FDP\/mitmachen-arena-zu-wahlprogramm-2020\/freizeitgestaltung\/","title":{"rendered":"Freizeitgestaltung"},"content":{"rendered":"<h3><a href=\"http:\/\/fdp-porta.de\/FDP\/wp-content\/uploads\/2019\/11\/Freizeit.png\"><img loading=\"lazy\" decoding=\"async\" class=\"aligncenter wp-image-2759\" src=\"http:\/\/fdp-porta.de\/FDP\/wp-content\/uploads\/2019\/11\/Freizeit-300x49.png\" alt=\"\" width=\"461\" height=\"75\" srcset=\"https:\/\/fdp-porta.de\/FDP\/wp-content\/uploads\/2019\/11\/Freizeit-300x49.png 300w, https:\/\/fdp-porta.de\/FDP\/wp-content\/uploads\/2019\/11\/Freizeit.png 516w\" sizes=\"auto, (max-width: 461px) 100vw, 461px\" \/><\/a><\/h3>\n<h3>Hier unsere derzeitige Formulierung f\u00fcr das Wahlprogramm<\/h3>\n<p><em>Was den Touristen dient, dient auch unseren B\u00fcrgerinnen und B\u00fcrgern.\u00a0<\/em><\/p>\n<p><em>Unsere wunderbare Landschaft an einem der sch\u00f6nsten Wander \u2013 und\u00a0Radwanderwege dient nicht allein dem Tourismus. Wir setzen uns daf\u00fcr ein,\u00a0dass unsere B\u00fcrgerinnen und B\u00fcrger in gleicher Weise von den vielf\u00e4ltigen\u00a0Angeboten in diesen Bereichen profitieren.<\/em><\/p>\n<p><em>Freizeitgestaltung kann in vielf\u00e4ltiger Art- und Weise laufen und wird sicher in\u00a0den unterschiedlichen Altersgruppen differenziert zu betrachten sein.\u00a0<\/em><\/p>\n<p><em>Deshalb wollen wir f\u00fcr alle Altersgruppen entsprechende Angebote vorhalten.\u00a0So unterst\u00fctzen wir gern Projekte wie Lesepatenschaften,\u00a0Nachmittagsbetreuung in Schulen und Kinderg\u00e4rten, Patengro\u00dfeltern f\u00fcr\u00a0Familien oder Berufspatenschaften f\u00fcr Jugendliche beim Berufseinstieg. Diese\u00a0Projekte k\u00f6nnen m\u00f6glicherweise unsere \u00e4lteren Mitb\u00fcrgerinnen und Mitb\u00fcrger\u00a0aufgrund ihrer Erfahrungen ansprechen.<\/em><\/p>\n<p><em>Das \u201ePorta-Bad\u201c, Ausreichende Kinderspielpl\u00e4tze, Schiffsanleger und\u00a0Wesertreff in Barkhausen, die beiden Weserf\u00e4hren in Veltheim und am\u00a0Weserbogen, sollen auch weiterhin f\u00fcr die Freizeitgestaltung unserer\u00a0Mitb\u00fcrger zur Verf\u00fcgung stehen. Daf\u00fcr setzen wir uns ein.<\/em><\/p>\n<p><em>Den Freizeitraum Weser in Porta Westfalica insgesamt attraktiver zu gestalten\u00a0und f\u00fcr die Freizeitgestaltung nutzbarer zu machen, ist f\u00fcr uns ein wichtiges\u00a0Anliegen.<\/em><\/p>\n<hr \/>\n<p><a href=\"http:\/\/fdp-porta.de\/FDP\/?page_id=2713\"><img loading=\"lazy\" decoding=\"async\" class=\"aligncenter size-medium wp-image-2770\" src=\"http:\/\/fdp-porta.de\/FDP\/wp-content\/uploads\/2019\/11\/zurueck-300x92.png\" alt=\"\" width=\"300\" height=\"92\" srcset=\"https:\/\/fdp-porta.de\/FDP\/wp-content\/uploads\/2019\/11\/zurueck-300x92.png 300w, https:\/\/fdp-porta.de\/FDP\/wp-content\/uploads\/2019\/11\/zurueck.png 546w\" sizes=\"auto, (max-width: 300px) 100vw, 300px\" \/><\/a><\/p>\n<hr \/>\n<h2>Jetzt sind Sie gefragt. Schreiben Sie Ihre Meinung und Ihre W\u00fcnsche in den Kommentar!<\/h2>\n<p>(die Angabe Ihres Names, Ihrer Mailadresse oder Website ist dabei optional)<\/p>\n","protected":false},"excerpt":{"rendered":"<p>Hier unsere derzeitige Formulierung f\u00fcr das Wahlprogramm Was den Touristen dient, dient auch unseren B\u00fcrgerinnen und B\u00fcrgern.\u00a0 Unsere wunderbare Landschaft an einem der sch\u00f6nsten Wander \u2013 und\u00a0Radwanderwege dient nicht allein dem Tourismus. Wir setzen uns daf\u00fcr ein,\u00a0dass unsere B\u00fcrgerinnen und B\u00fcrger in gleicher Weise von den vielf\u00e4ltigen\u00a0Angeboten in diesen Bereichen profitieren. Freizeitgestaltung kann in vielf\u00e4ltiger [&hellip;]<\/p>\n","protected":false},"author":1,"featured_media":0,"parent":2713,"menu_order":0,"comment_status":"open","ping_status":"closed","template":"","meta":{"footnotes":""},"class_list":["post-2796","page","type-page","status-publish","hentry"],"featured_image_src":null,"_links":{"self":[{"href":"https:\/\/fdp-porta.de\/FDP\/wp-json\/wp\/v2\/pages\/2796","targetHints":{"allow":["GET"]}}],"collection":[{"href":"https:\/\/fdp-porta.de\/FDP\/wp-json\/wp\/v2\/pages"}],"about":[{"href":"https:\/\/fdp-porta.de\/FDP\/wp-json\/wp\/v2\/types\/page"}],"author":[{"embeddable":true,"href":"https:\/\/fdp-porta.de\/FDP\/wp-json\/wp\/v2\/users\/1"}],"replies":[{"embeddable":true,"href":"https:\/\/fdp-porta.de\/FDP\/wp-json\/wp\/v2\/comments?post=2796"}],"version-history":[{"count":0,"href":"https:\/\/fdp-porta.de\/FDP\/wp-json\/wp\/v2\/pages\/2796\/revisions"}],"up":[{"embeddable":true,"href":"https:\/\/fdp-porta.de\/FDP\/wp-json\/wp\/v2\/pages\/2713"}],"wp:attachment":[{"href":"https:\/\/fdp-porta.de\/FDP\/wp-json\/wp\/v2\/media?parent=2796"}],"curies":[{"name":"wp","href":"https:\/\/api.w.org\/{rel}","templated":true}]}}