{"id":2792,"date":"2019-11-01T08:51:22","date_gmt":"2019-11-01T06:51:22","guid":{"rendered":"http:\/\/fdp-porta.de\/FDP\/?page_id=2792"},"modified":"2019-11-03T16:43:15","modified_gmt":"2019-11-03T14:43:15","slug":"stadtentwicklung-2","status":"publish","type":"page","link":"https:\/\/fdp-porta.de\/FDP\/mitmachen-arena-zu-wahlprogramm-2020\/stadtentwicklung-2\/","title":{"rendered":"Stadtentwicklung &#038; Tourismus"},"content":{"rendered":"<h3><a href=\"http:\/\/fdp-porta.de\/FDP\/wp-content\/uploads\/2019\/11\/Stadtentwicklung.png\"><img loading=\"lazy\" decoding=\"async\" class=\"aligncenter wp-image-2757\" src=\"http:\/\/fdp-porta.de\/FDP\/wp-content\/uploads\/2019\/11\/Stadtentwicklung-300x89.png\" alt=\"\" width=\"505\" height=\"150\" srcset=\"https:\/\/fdp-porta.de\/FDP\/wp-content\/uploads\/2019\/11\/Stadtentwicklung-300x89.png 300w, https:\/\/fdp-porta.de\/FDP\/wp-content\/uploads\/2019\/11\/Stadtentwicklung.png 562w\" sizes=\"auto, (max-width: 505px) 100vw, 505px\" \/><\/a><\/h3>\n<h3>Hier unsere derzeitige Formulierung f\u00fcr das Wahlprogramm<\/h3>\n<p><em>Leistungsf\u00e4hige Verkehrswege und attraktive Verkehrsangebote sind zentrale\u00a0Grundlage f\u00fcr individuelle Mobilit\u00e4t, wirtschaftliche Dynamik und Wohlstand.\u00a0<\/em><em>Wir setzen auf die Vielfalt und die unterschiedlichen St\u00e4rken der\u00a0Verkehrstr\u00e4ger Rad und \u00d6PNV bzw. Stra\u00dfe und Schiene. In allen Bereichen\u00a0sehen wir dringend notwendige Verbesserungsm\u00f6glichkeiten. Den \u00d6PNV \u2013\u00a0Angeboten in unseren \u00e4u\u00dferen Stadtteilen ist besonderes Gewicht beizulegen,\u00a0gleiches gilt f\u00fcr die Verbesserung der Radwegverbindungen in diesen\u00a0Bereichen.<\/em><\/p>\n<p><em>Schon im Mai 2019 haben wir deshalb auch einen Bahnhalt der Weserbahn\u00a0(Rb77) in Veltheim gefordert. Auf dieser Bahnlinie von B\u00fcnde bis Hildesheim\u00a0f\u00e4hrt st\u00fcndlich der Zug in beide Richtungen, h\u00e4lt aber nicht in Porta Westfalica,\u00a0sondern u.a. in Vlotho und Rinteln. Mit einem Haltepunkt in Veltheim w\u00e4re der\u00a0gesamte S\u00fcden der Stadt Porta Westfalica in das Netz eingebunden und h\u00e4tte\u00a0damit auch Zugang per Bahn zum Fernverkehr. Das h\u00e4tte ganz sicher weitere\u00a0positive Auswirkungen auf den Tourismus in unserer Stadt, denn der m\u00f6gliche\u00a0Bahnhalt l\u00e4ge unmittelbar am beliebten Weserradweg.<\/em><\/p>\n<p><em>Eine enge Vernetzung unserer Stadtteile durch den \u00d6PNV liegt uns ebenfalls\u00a0sehr am Herzen. Besonders unserer Jugend und unseren Senioren ist ein\u00a0notwendiges Ma\u00df an Mobilit\u00e4t zu w\u00fcnschen. Gleichwohl denken wir auch hier\u00a0an die Vorteile im Bereich des Klimaschutzes.<\/em><\/p>\n<p><em>Die Stra\u00dfen in der Porta Westfalica sind seit Jahren zum Nadel\u00f6hr im West-Ost-Verkehr geworden, welches besonders bei Unf\u00e4llen auf der A2 sp\u00fcrbar ist.\u00a0<\/em><em>Deshalb fordern wir schon seit langem den Ausbau der B482 von der B65 bis\u00a0zur Autobahnauffahrt Vennebeck. Wir setzen und schon seit vielen Monaten\u00a0vehement auch f\u00fcr die lang geplante Begradigung der Ravensberger Stra\u00dfe im\u00a0Veltheimer Zentrum ein.<\/em><\/p>\n<p><em>Wir m\u00f6chten eine enge touristische Vernetzung aller unserer Stadtteile\u00a0erreichen.<\/em><\/p>\n<p><em>Dem Tourismus wieder den Stellenwert zu geben, den er verdient, ist u.a. die\u00a0Aufgabe des Tourismusb\u00fcndnisses Westliches Weserbergland. Wir sehen es als\u00a0unsere Aufgabe an, die Arbeit und die Prozesse intensiv zu begleiten und\u00a0kritisch zu hinterfragen.<\/em><\/p>\n<p><em>\u201eDen beliebten Weser-Radweg neu erleben\u201c und die \u201eWeser zug\u00e4nglich und\u00a0erlebbar machen\u201c. Unter diesen \u00dcberschriften sehen wir Freien Demokraten\u00a0weitere Handlungsfelder, besonders im S\u00fcden unseres Stadtgebietes. Im\u00a0Einzelnen ist damit gemeint, Aufenthaltsm\u00f6glichkeiten an der Weser zu\u00a0schaffen, wassernahe Infrastruktureinrichtungen auszubauen und zu f\u00f6rdern\u00a0und insbesondere die Qualit\u00e4t des Weser-Radwegs in unserem Bereich zu\u00a0verbessern.<\/em><\/p>\n<hr \/>\n<p><a href=\"http:\/\/fdp-porta.de\/FDP\/?page_id=2713\"><img loading=\"lazy\" decoding=\"async\" class=\"aligncenter size-medium wp-image-2770\" src=\"http:\/\/fdp-porta.de\/FDP\/wp-content\/uploads\/2019\/11\/zurueck-300x92.png\" alt=\"\" width=\"300\" height=\"92\" srcset=\"https:\/\/fdp-porta.de\/FDP\/wp-content\/uploads\/2019\/11\/zurueck-300x92.png 300w, https:\/\/fdp-porta.de\/FDP\/wp-content\/uploads\/2019\/11\/zurueck.png 546w\" sizes=\"auto, (max-width: 300px) 100vw, 300px\" \/><\/a><\/p>\n<hr \/>\n<h2>Jetzt sind Sie gefragt. Schreiben Sie Ihre Meinung und Ihre W\u00fcnsche in den Kommentar!<\/h2>\n<p>(die Angabe Ihres Names, Ihrer Mailadresse oder Website ist dabei optional)<\/p>\n","protected":false},"excerpt":{"rendered":"<p>Hier unsere derzeitige Formulierung f\u00fcr das Wahlprogramm Leistungsf\u00e4hige Verkehrswege und attraktive Verkehrsangebote sind zentrale\u00a0Grundlage f\u00fcr individuelle Mobilit\u00e4t, wirtschaftliche Dynamik und Wohlstand.\u00a0Wir setzen auf die Vielfalt und die unterschiedlichen St\u00e4rken der\u00a0Verkehrstr\u00e4ger Rad und \u00d6PNV bzw. Stra\u00dfe und Schiene. In allen Bereichen\u00a0sehen wir dringend notwendige Verbesserungsm\u00f6glichkeiten. Den \u00d6PNV \u2013\u00a0Angeboten in unseren \u00e4u\u00dferen Stadtteilen ist besonderes Gewicht beizulegen,\u00a0gleiches [&hellip;]<\/p>\n","protected":false},"author":1,"featured_media":0,"parent":2713,"menu_order":0,"comment_status":"open","ping_status":"closed","template":"","meta":{"footnotes":""},"class_list":["post-2792","page","type-page","status-publish","hentry"],"featured_image_src":null,"_links":{"self":[{"href":"https:\/\/fdp-porta.de\/FDP\/wp-json\/wp\/v2\/pages\/2792","targetHints":{"allow":["GET"]}}],"collection":[{"href":"https:\/\/fdp-porta.de\/FDP\/wp-json\/wp\/v2\/pages"}],"about":[{"href":"https:\/\/fdp-porta.de\/FDP\/wp-json\/wp\/v2\/types\/page"}],"author":[{"embeddable":true,"href":"https:\/\/fdp-porta.de\/FDP\/wp-json\/wp\/v2\/users\/1"}],"replies":[{"embeddable":true,"href":"https:\/\/fdp-porta.de\/FDP\/wp-json\/wp\/v2\/comments?post=2792"}],"version-history":[{"count":0,"href":"https:\/\/fdp-porta.de\/FDP\/wp-json\/wp\/v2\/pages\/2792\/revisions"}],"up":[{"embeddable":true,"href":"https:\/\/fdp-porta.de\/FDP\/wp-json\/wp\/v2\/pages\/2713"}],"wp:attachment":[{"href":"https:\/\/fdp-porta.de\/FDP\/wp-json\/wp\/v2\/media?parent=2792"}],"curies":[{"name":"wp","href":"https:\/\/api.w.org\/{rel}","templated":true}]}}