{"id":2786,"date":"2019-11-01T08:46:42","date_gmt":"2019-11-01T06:46:42","guid":{"rendered":"http:\/\/fdp-porta.de\/FDP\/?page_id=2786"},"modified":"2019-11-04T20:55:18","modified_gmt":"2019-11-04T18:55:18","slug":"bauen-wohnen","status":"publish","type":"page","link":"https:\/\/fdp-porta.de\/FDP\/mitmachen-arena-zu-wahlprogramm-2020\/bauen-wohnen\/","title":{"rendered":"Bauen &#038; Wohnen"},"content":{"rendered":"<h3><a href=\"http:\/\/fdp-porta.de\/FDP\/wp-content\/uploads\/2019\/11\/Bauen.png\"><img loading=\"lazy\" decoding=\"async\" class=\"aligncenter wp-image-2754\" src=\"http:\/\/fdp-porta.de\/FDP\/wp-content\/uploads\/2019\/11\/Bauen-300x53.png\" alt=\"\" width=\"427\" height=\"75\" srcset=\"https:\/\/fdp-porta.de\/FDP\/wp-content\/uploads\/2019\/11\/Bauen-300x53.png 300w, https:\/\/fdp-porta.de\/FDP\/wp-content\/uploads\/2019\/11\/Bauen.png 478w\" sizes=\"auto, (max-width: 427px) 100vw, 427px\" \/><\/a><\/h3>\n<h3>Hier unsere derzeitige Formulierung f\u00fcr das Wahlprogramm<\/h3>\n<p><em>Wir Freie Demokraten in Porta Westfalica setzen uns f\u00fcr ein bezahlbares Bauen und Wohnen ein. Aus diesem Grund m\u00fcssen weitere Erh\u00f6hungen der Hebes\u00e4tze der Grundsteuer B auf jeden Fall vermieden werden. Schon die letzte kr\u00e4ftige Erh\u00f6hung der Grundsteuer B in unserer Stadt hatten wir nicht mitgetragen. Auf Landesebene setzen wir uns daf\u00fcr ein, dass die Neuordnung der Berechnung der Grundsteuer nicht zu einem b\u00fcrokratischen Monster verkommt und zu weiteren Erh\u00f6hungen f\u00fcr unsere B\u00fcrgerinnen und B\u00fcrger f\u00fchrt.<\/em><\/p>\n<p><em>Die Bauvorschriften und die Genehmigungsverfahren m\u00fcssen vereinfacht und entb\u00fcrokratisiert werden. Der Klimaschutz liegt auch uns am Herzen. Die derzeitige Hysterie, die bei anderen Parteien dazu f\u00fchrt, noch mehr Vorschriften f\u00fcr das Bauen und Wohnen erlassen zu wollen, tragen wir nicht mit. Deshalb lehnen wir neue Vorschriften z. B. f\u00fcr die Dachbegr\u00fcnung bzw. Gartengestaltung ab. Bauherren k\u00f6nnen f\u00fcr solche Ma\u00dfnahmen ermutigt werden, doch es kommt gerade bei vielen Investoren auch auf die Finanzierbarkeit an.<\/em><\/p>\n<p><em>Wir sind ebenso f\u00fcr eine Intensivierung des Sozialen Wohnungsbau, lehnen aber stringente Vorschriften dazu in Bebauungspl\u00e4nen, wie derzeit von der Mehrheitsfraktion gefordert, ab.\u00a0 Investoren f\u00fcr Sozialen Wohnungsbau m\u00fcssen durch Anreize gewonnen werden.<\/em><\/p>\n<hr \/>\n<p><a href=\"http:\/\/fdp-porta.de\/FDP\/?page_id=2713\"><img loading=\"lazy\" decoding=\"async\" class=\"aligncenter size-medium wp-image-2770\" src=\"http:\/\/fdp-porta.de\/FDP\/wp-content\/uploads\/2019\/11\/zurueck-300x92.png\" alt=\"\" width=\"300\" height=\"92\" srcset=\"https:\/\/fdp-porta.de\/FDP\/wp-content\/uploads\/2019\/11\/zurueck-300x92.png 300w, https:\/\/fdp-porta.de\/FDP\/wp-content\/uploads\/2019\/11\/zurueck.png 546w\" sizes=\"auto, (max-width: 300px) 100vw, 300px\" \/><\/a><\/p>\n<hr \/>\n<h2>Jetzt sind Sie gefragt. Schreiben Sie Ihre Meinung und Ihre W\u00fcnsche in den Kommentar!<\/h2>\n<p>(die Angabe Ihres Names, Ihrer Mailadresse oder Website ist dabei optional)<\/p>\n","protected":false},"excerpt":{"rendered":"<p>Hier unsere derzeitige Formulierung f\u00fcr das Wahlprogramm Wir Freie Demokraten in Porta Westfalica setzen uns f\u00fcr ein bezahlbares Bauen und Wohnen ein. Aus diesem Grund m\u00fcssen weitere Erh\u00f6hungen der Hebes\u00e4tze der Grundsteuer B auf jeden Fall vermieden werden. Schon die letzte kr\u00e4ftige Erh\u00f6hung der Grundsteuer B in unserer Stadt hatten wir nicht mitgetragen. Auf Landesebene [&hellip;]<\/p>\n","protected":false},"author":1,"featured_media":0,"parent":2713,"menu_order":0,"comment_status":"open","ping_status":"closed","template":"","meta":{"footnotes":""},"class_list":["post-2786","page","type-page","status-publish","hentry"],"featured_image_src":null,"_links":{"self":[{"href":"https:\/\/fdp-porta.de\/FDP\/wp-json\/wp\/v2\/pages\/2786","targetHints":{"allow":["GET"]}}],"collection":[{"href":"https:\/\/fdp-porta.de\/FDP\/wp-json\/wp\/v2\/pages"}],"about":[{"href":"https:\/\/fdp-porta.de\/FDP\/wp-json\/wp\/v2\/types\/page"}],"author":[{"embeddable":true,"href":"https:\/\/fdp-porta.de\/FDP\/wp-json\/wp\/v2\/users\/1"}],"replies":[{"embeddable":true,"href":"https:\/\/fdp-porta.de\/FDP\/wp-json\/wp\/v2\/comments?post=2786"}],"version-history":[{"count":0,"href":"https:\/\/fdp-porta.de\/FDP\/wp-json\/wp\/v2\/pages\/2786\/revisions"}],"up":[{"embeddable":true,"href":"https:\/\/fdp-porta.de\/FDP\/wp-json\/wp\/v2\/pages\/2713"}],"wp:attachment":[{"href":"https:\/\/fdp-porta.de\/FDP\/wp-json\/wp\/v2\/media?parent=2786"}],"curies":[{"name":"wp","href":"https:\/\/api.w.org\/{rel}","templated":true}]}}