{"id":2719,"date":"2019-10-30T22:30:40","date_gmt":"2019-10-30T20:30:40","guid":{"rendered":"http:\/\/fdp-porta.de\/FDP\/?page_id=2719"},"modified":"2019-11-09T22:12:44","modified_gmt":"2019-11-09T20:12:44","slug":"wahlprogramm-mitmacharena-rubrik-haushalt","status":"publish","type":"page","link":"https:\/\/fdp-porta.de\/FDP\/mitmachen-arena-zu-wahlprogramm-2020\/wahlprogramm-mitmacharena-rubrik-haushalt\/","title":{"rendered":"Haushalt"},"content":{"rendered":"<h3><a href=\"http:\/\/fdp-porta.de\/FDP\/wp-content\/uploads\/2019\/11\/Haushalt.png\"><img loading=\"lazy\" decoding=\"async\" class=\"aligncenter wp-image-2747\" src=\"http:\/\/fdp-porta.de\/FDP\/wp-content\/uploads\/2019\/11\/Haushalt.png\" alt=\"\" width=\"245\" height=\"75\" \/><\/a><\/h3>\n<h3>Hier unsere derzeitige Formulierung f\u00fcr das Wahlprogramm<\/h3>\n<p><span style=\"color: #000000;\"><em>Unsere Stadt z\u00e4hlt zu den sogenannten steuerstarken Gemeinden in NRW. Das hohe Steueraufkommen in den letzten Jahren hat dazu gef\u00fchrt, dass sich die Haushaltssituation entspannt hat. Allerdings darf dabei nicht vergessen werden, dass dazu auch die erhebliche Erh\u00f6hungen der Hebes\u00e4tze der Grund- und Gewerbesteuer, die gegen den Willen der FDP erfolgten, beigetragen haben.<\/em><\/span><\/p>\n<p><span style=\"color: #000000;\"><em>Wir k\u00f6nnen derzeit die weitere Konjunkturentwicklung in den kommenden Jahren noch nicht einsch\u00e4tzen. Deshalb muss auch wieder mit fallenden Steuereinnahmen gerechnet werden. Darum ist es dringend geboten, Jahres\u00fcbersch\u00fcsse f\u00fcr einen weiteren Schuldenabbau zu nutzen und den Konsolidierungsprozess weiter fortzusetzen. Denn wir m\u00fcssen auf jeden Fall verhindern, dass Steuern und Abgaben noch weiter erh\u00f6ht werden, da dadurch der Wirtschaftsstandort Porta Westfalica gef\u00e4hrdet ist und das Wohnen f\u00fcr unsere B\u00fcrger noch weiter verteuert wird. Insofern fordern wir eine verursachungsgerechte Politik bei den Geb\u00fchren und Abgaben.<\/em><\/span><\/p>\n<p><span style=\"color: #000000;\"><em>Unsere Stadt hat nur dann langfristig eine Perspektive, wenn Arbeitspl\u00e4tze wohnortnah vorhanden sind und Wohnkosten bezahlbar bleiben. Die Grundsteuerreform darf auf keinen Fall unsere B\u00fcrgerinnen und B\u00fcrger weiter belasten. Die Grundsteuer trifft n\u00e4mlich nicht nur Hauseigent\u00fcmer, sondern auch die \u00fcber die Nebenkosten die Mieter.<\/em><\/span><\/p>\n<p><span style=\"color: #000000;\"><em>Unsere Stadt muss finanziell wieder handlungsf\u00e4hig werden, um die st\u00e4dtische Infrastruktur modern und leistungsf\u00e4hig zu erhalten. Ein Renovierungsstau bei den st\u00e4dtischen Immobilien (besonders den Schulen), sollte es in der Zukunft nicht mehr geben.<\/em><\/span><\/p>\n<p><span style=\"color: #000000;\"><em>Die Transparenz des st\u00e4dtischen Haushaltes mit allen seinen Auswirkungen f\u00fcr die B\u00fcrgerinnen und B\u00fcrger ist ein wichtiges Ziel unserer Politik. Wir haben deshalb beantragt, das Zahlenwerk des Haushaltes in einer Brosch\u00fcre f\u00fcr alle Interessierten bereit zu stellen.<\/em><\/span><\/p>\n<hr \/>\n<p><a href=\"http:\/\/fdp-porta.de\/FDP\/?page_id=2713\"><img loading=\"lazy\" decoding=\"async\" class=\"aligncenter size-medium wp-image-2770\" src=\"http:\/\/fdp-porta.de\/FDP\/wp-content\/uploads\/2019\/11\/zurueck-300x92.png\" alt=\"\" width=\"300\" height=\"92\" srcset=\"https:\/\/fdp-porta.de\/FDP\/wp-content\/uploads\/2019\/11\/zurueck-300x92.png 300w, https:\/\/fdp-porta.de\/FDP\/wp-content\/uploads\/2019\/11\/zurueck.png 546w\" sizes=\"auto, (max-width: 300px) 100vw, 300px\" \/><\/a><\/p>\n<hr \/>\n<h2>Jetzt sind Sie gefragt. Schreiben Sie Ihre Meinung und Ihre W\u00fcnsche in den Kommentar!<\/h2>\n<p>(die Angabe Ihres Names, Ihrer Mailadresse oder Website ist dabei optional)<\/p>\n","protected":false},"excerpt":{"rendered":"<p>Hier unsere derzeitige Formulierung f\u00fcr das Wahlprogramm Unsere Stadt z\u00e4hlt zu den sogenannten steuerstarken Gemeinden in NRW. Das hohe Steueraufkommen in den letzten Jahren hat dazu gef\u00fchrt, dass sich die Haushaltssituation entspannt hat. Allerdings darf dabei nicht vergessen werden, dass dazu auch die erhebliche Erh\u00f6hungen der Hebes\u00e4tze der Grund- und Gewerbesteuer, die gegen den Willen [&hellip;]<\/p>\n","protected":false},"author":1,"featured_media":0,"parent":2713,"menu_order":0,"comment_status":"open","ping_status":"closed","template":"","meta":{"footnotes":""},"class_list":["post-2719","page","type-page","status-publish","hentry"],"featured_image_src":null,"_links":{"self":[{"href":"https:\/\/fdp-porta.de\/FDP\/wp-json\/wp\/v2\/pages\/2719","targetHints":{"allow":["GET"]}}],"collection":[{"href":"https:\/\/fdp-porta.de\/FDP\/wp-json\/wp\/v2\/pages"}],"about":[{"href":"https:\/\/fdp-porta.de\/FDP\/wp-json\/wp\/v2\/types\/page"}],"author":[{"embeddable":true,"href":"https:\/\/fdp-porta.de\/FDP\/wp-json\/wp\/v2\/users\/1"}],"replies":[{"embeddable":true,"href":"https:\/\/fdp-porta.de\/FDP\/wp-json\/wp\/v2\/comments?post=2719"}],"version-history":[{"count":0,"href":"https:\/\/fdp-porta.de\/FDP\/wp-json\/wp\/v2\/pages\/2719\/revisions"}],"up":[{"embeddable":true,"href":"https:\/\/fdp-porta.de\/FDP\/wp-json\/wp\/v2\/pages\/2713"}],"wp:attachment":[{"href":"https:\/\/fdp-porta.de\/FDP\/wp-json\/wp\/v2\/media?parent=2719"}],"curies":[{"name":"wp","href":"https:\/\/api.w.org\/{rel}","templated":true}]}}